{"version":"1.0","provider_name":"Kattern\u00f6 Digital","provider_url":"https:\/\/katternodigital.fi\/fi\/","author_name":"Amanda Myrevik-Snellman","author_url":"https:\/\/katternodigital.fi\/fi\/author\/amanda-myrevik-snellman\/","title":"\u00c4ht\u00e4v\u00e4n keskustassa uusitaan linjoja - Kattern\u00f6 Digital","type":"rich","width":600,"height":338,"html":"<blockquote class=\"wp-embedded-content\" data-secret=\"IIYCl22Cmq\"><a href=\"https:\/\/katternodigital.fi\/fi\/article\/ahtavan-keskustassa-uusitaan-linjoja\/\">\u00c4ht\u00e4v\u00e4n keskustassa uusitaan linjoja<\/a><\/blockquote><iframe sandbox=\"allow-scripts\" security=\"restricted\" src=\"https:\/\/katternodigital.fi\/fi\/article\/ahtavan-keskustassa-uusitaan-linjoja\/embed\/#?secret=IIYCl22Cmq\" width=\"600\" height=\"338\" title=\"&#8221;\u00c4ht\u00e4v\u00e4n keskustassa uusitaan linjoja&#8221; &#8212; Kattern\u00f6 Digital\" data-secret=\"IIYCl22Cmq\" frameborder=\"0\" marginwidth=\"0\" marginheight=\"0\" scrolling=\"no\" class=\"wp-embedded-content\"><\/iframe><script>\n\/*! This file is auto-generated *\/\n!function(d,l){\"use strict\";l.querySelector&&d.addEventListener&&\"undefined\"!=typeof URL&&(d.wp=d.wp||{},d.wp.receiveEmbedMessage||(d.wp.receiveEmbedMessage=function(e){var t=e.data;if((t||t.secret||t.message||t.value)&&!\/[^a-zA-Z0-9]\/.test(t.secret)){for(var s,r,n,a=l.querySelectorAll('iframe[data-secret=\"'+t.secret+'\"]'),o=l.querySelectorAll('blockquote[data-secret=\"'+t.secret+'\"]'),c=new RegExp(\"^https?:$\",\"i\"),i=0;i<o.length;i++)o[i].style.display=\"none\";for(i=0;i<a.length;i++)s=a[i],e.source===s.contentWindow&&(s.removeAttribute(\"style\"),\"height\"===t.message?(1e3<(r=parseInt(t.value,10))?r=1e3:~~r<200&&(r=200),s.height=r):\"link\"===t.message&&(r=new URL(s.getAttribute(\"src\")),n=new URL(t.value),c.test(n.protocol))&&n.host===r.host&&l.activeElement===s&&(d.top.location.href=t.value))}},d.addEventListener(\"message\",d.wp.receiveEmbedMessage,!1),l.addEventListener(\"DOMContentLoaded\",function(){for(var e,t,s=l.querySelectorAll(\"iframe.wp-embedded-content\"),r=0;r<s.length;r++)(t=(e=s[r]).getAttribute(\"data-secret\"))||(t=Math.random().toString(36).substring(2,12),e.src+=\"#?secret=\"+t,e.setAttribute(\"data-secret\",t)),e.contentWindow.postMessage({message:\"ready\",secret:t},\"*\")},!1)))}(window,document);\n<\/script>\n","description":"Esse Elektro-Kraft \u00c4ht\u00e4v\u00e4l\u00e4iset joutuivat kes\u00e4ll\u00e4 siet\u00e4m\u00e4\u00e4n laajoja kaivuut\u00f6it\u00e4, kun Esse Elektro-Kraftin ponnistelu maakaapelin osuuden lis\u00e4\u00e4miseksi saavutti \u00c4ht\u00e4v\u00e4n keskustan. Maahan on kaivettu yhteens\u00e4 noin 3,7 km edest\u00e4 20 kilovoltin korkeaj\u00e4nnitekaapelia, joka on osittain korvannut vanhat ilmajohdot. Osuuspankin edess\u00e4 on nyky\u00e4\u00e4n my\u00f6s suurempi muuntoasema, joka nostettiin paikalleen hein\u00e4kuun lopussa. Lis\u00e4ksi keskustaan on asennettu muutama pienempi muuntoasema. Ty\u00f6&hellip;","thumbnail_url":"https:\/\/katternodigital.fi\/wp-content\/uploads\/2016\/06\/katterno-logo.png","thumbnail_width":600,"thumbnail_height":147}