{"version":"1.0","provider_name":"Kattern\u00f6 Digital","provider_url":"https:\/\/katternodigital.fi\/fi\/","author_name":"Hannes Ny\u00e5ker","author_url":"https:\/\/katternodigital.fi\/fi\/author\/hannes-nyaker\/","title":"Energians\u00e4\u00e4st\u00f6viikko 25 vuotta - Kattern\u00f6 Digital","type":"rich","width":600,"height":338,"html":"<blockquote class=\"wp-embedded-content\" data-secret=\"uFj0Ec34k4\"><a href=\"https:\/\/katternodigital.fi\/fi\/article\/energiansaastoviikko-25-vuotta\/\">Energians\u00e4\u00e4st\u00f6viikko 25 vuotta<\/a><\/blockquote><iframe sandbox=\"allow-scripts\" security=\"restricted\" src=\"https:\/\/katternodigital.fi\/fi\/article\/energiansaastoviikko-25-vuotta\/embed\/#?secret=uFj0Ec34k4\" width=\"600\" height=\"338\" title=\"&#8221;Energians\u00e4\u00e4st\u00f6viikko 25 vuotta&#8221; &#8212; Kattern\u00f6 Digital\" data-secret=\"uFj0Ec34k4\" frameborder=\"0\" marginwidth=\"0\" marginheight=\"0\" scrolling=\"no\" class=\"wp-embedded-content\"><\/iframe><script>\n\/*! This file is auto-generated *\/\n!function(d,l){\"use strict\";l.querySelector&&d.addEventListener&&\"undefined\"!=typeof URL&&(d.wp=d.wp||{},d.wp.receiveEmbedMessage||(d.wp.receiveEmbedMessage=function(e){var t=e.data;if((t||t.secret||t.message||t.value)&&!\/[^a-zA-Z0-9]\/.test(t.secret)){for(var s,r,n,a=l.querySelectorAll('iframe[data-secret=\"'+t.secret+'\"]'),o=l.querySelectorAll('blockquote[data-secret=\"'+t.secret+'\"]'),c=new RegExp(\"^https?:$\",\"i\"),i=0;i<o.length;i++)o[i].style.display=\"none\";for(i=0;i<a.length;i++)s=a[i],e.source===s.contentWindow&&(s.removeAttribute(\"style\"),\"height\"===t.message?(1e3<(r=parseInt(t.value,10))?r=1e3:~~r<200&&(r=200),s.height=r):\"link\"===t.message&&(r=new URL(s.getAttribute(\"src\")),n=new URL(t.value),c.test(n.protocol))&&n.host===r.host&&l.activeElement===s&&(d.top.location.href=t.value))}},d.addEventListener(\"message\",d.wp.receiveEmbedMessage,!1),l.addEventListener(\"DOMContentLoaded\",function(){for(var e,t,s=l.querySelectorAll(\"iframe.wp-embedded-content\"),r=0;r<s.length;r++)(t=(e=s[r]).getAttribute(\"data-secret\"))||(t=Math.random().toString(36).substring(2,12),e.src+=\"#?secret=\"+t,e.setAttribute(\"data-secret\",t)),e.contentWindow.postMessage({message:\"ready\",secret:t},\"*\")},!1)))}(window,document);\n<\/script>\n","description":"11.\u201317. lokakuuta vietet\u00e4\u00e4n valtakunnallisen energians\u00e4\u00e4st\u00f6viikon 25-vuotisjuhlaa ja Kattern\u00f6-yhti\u00f6t osallistuvat viikkoon tavalliseen tapaan. \u201dTarkoituksena on kertoa perustietoa energiasta ja energiantuotannosta sek\u00e4 tarjota ideoita energian s\u00e4\u00e4st\u00f6\u00f6n ja j\u00e4rkev\u00e4\u00e4n k\u00e4ytt\u00f6\u00f6n\u201d, sanoo Herrforsin johdon sihteeri Siv Granqvist. Yhti\u00f6 jakaa \u201dHei, kaikki toimii\u201d -ty\u00f6vihkoset s\u00e4hk\u00f6njakelualueen alakoulujen kaikille kakkosluokkalaisille nyt jo 13:tta kertaa. Kahdeksan koulua on ilmoittanut kiinnostuksesta, ja ne saavat&hellip;","thumbnail_url":"https:\/\/katternodigital.fi\/wp-content\/uploads\/2016\/06\/katterno-logo.png","thumbnail_width":600,"thumbnail_height":147}