{"version":"1.0","provider_name":"Kattern\u00f6 Digital","provider_url":"https:\/\/katternodigital.fi\/fi\/","author_name":"Wikstr\u00f6m Media","author_url":"https:\/\/katternodigital.fi\/fi\/author\/wikstrom-media\/","title":"Fredrik N\u00e4se tarttui puikkoihin Kruunupyyss\u00e4 - Kattern\u00f6 Digital","type":"rich","width":600,"height":338,"html":"<blockquote class=\"wp-embedded-content\" data-secret=\"ya3HqOjVv9\"><a href=\"https:\/\/katternodigital.fi\/fi\/article\/fredrik-nase-tarttui-puikkoihin-kruunupyyssa\/\">Fredrik N\u00e4se tarttui puikkoihin Kruunupyyss\u00e4<\/a><\/blockquote><iframe sandbox=\"allow-scripts\" security=\"restricted\" src=\"https:\/\/katternodigital.fi\/fi\/article\/fredrik-nase-tarttui-puikkoihin-kruunupyyssa\/embed\/#?secret=ya3HqOjVv9\" width=\"600\" height=\"338\" title=\"&#8221;Fredrik N\u00e4se tarttui puikkoihin Kruunupyyss\u00e4&#8221; &#8212; Kattern\u00f6 Digital\" data-secret=\"ya3HqOjVv9\" frameborder=\"0\" marginwidth=\"0\" marginheight=\"0\" scrolling=\"no\" class=\"wp-embedded-content\"><\/iframe><script>\n\/*! This file is auto-generated *\/\n!function(d,l){\"use strict\";l.querySelector&&d.addEventListener&&\"undefined\"!=typeof URL&&(d.wp=d.wp||{},d.wp.receiveEmbedMessage||(d.wp.receiveEmbedMessage=function(e){var t=e.data;if((t||t.secret||t.message||t.value)&&!\/[^a-zA-Z0-9]\/.test(t.secret)){for(var s,r,n,a=l.querySelectorAll('iframe[data-secret=\"'+t.secret+'\"]'),o=l.querySelectorAll('blockquote[data-secret=\"'+t.secret+'\"]'),c=new RegExp(\"^https?:$\",\"i\"),i=0;i<o.length;i++)o[i].style.display=\"none\";for(i=0;i<a.length;i++)s=a[i],e.source===s.contentWindow&&(s.removeAttribute(\"style\"),\"height\"===t.message?(1e3<(r=parseInt(t.value,10))?r=1e3:~~r<200&&(r=200),s.height=r):\"link\"===t.message&&(r=new URL(s.getAttribute(\"src\")),n=new URL(t.value),c.test(n.protocol))&&n.host===r.host&&l.activeElement===s&&(d.top.location.href=t.value))}},d.addEventListener(\"message\",d.wp.receiveEmbedMessage,!1),l.addEventListener(\"DOMContentLoaded\",function(){for(var e,t,s=l.querySelectorAll(\"iframe.wp-embedded-content\"),r=0;r<s.length;r++)(t=(e=s[r]).getAttribute(\"data-secret\"))||(t=Math.random().toString(36).substring(2,12),e.src+=\"#?secret=\"+t,e.setAttribute(\"data-secret\",t)),e.contentWindow.postMessage({message:\"ready\",secret:t},\"*\")},!1)))}(window,document);\n<\/script>\n","description":"Fredrik N\u00e4sell\u00e4 on ollut k\u00e4det t\u00e4ynn\u00e4 ty\u00f6t\u00e4 sen j\u00e4lkeen, kun h\u00e4n astui Kruunupyyn S\u00e4hk\u00f6laitoksen palvelukseen vt. toimitusjohtajana tammikuun puoliv\u00e4liss\u00e4. Paljon on tuttuakin, sill\u00e4 h\u00e4n varttui Kruunupyyss\u00e4 ja asuu nyky\u00e4\u00e4n Norrbyn Dunderk\u00e4rriss\u00e4, uuden ty\u00f6nantajansa s\u00e4hk\u00f6verkkoalueella. Samalla koko yrityksen toiminnan johtamisessa riitt\u00e4\u00e4 opittavaa. \u201dMinulla on viel\u00e4 paljon opittavaa p\u00e4ivitt\u00e4isest\u00e4 ty\u00f6st\u00e4, mink\u00e4 lis\u00e4ksi ensimm\u00e4iset viikot ovat kuluneet webinaareissa&hellip;","thumbnail_url":"https:\/\/katternodigital.fi\/wp-content\/uploads\/2016\/06\/katterno-logo.png","thumbnail_width":600,"thumbnail_height":147}