{"version":"1.0","provider_name":"Kattern\u00f6 Digital","provider_url":"https:\/\/katternodigital.fi\/fi\/","author_name":"Amanda Myrevik-Snellman","author_url":"https:\/\/katternodigital.fi\/fi\/author\/amanda-myrevik-snellman\/","title":"Kaasupulan riski my\u00f6s tulevana talvena - Kattern\u00f6 Digital","type":"rich","width":600,"height":338,"html":"<blockquote class=\"wp-embedded-content\" data-secret=\"zQ6ivexQUC\"><a href=\"https:\/\/katternodigital.fi\/fi\/article\/kaasupulan-riski-myos-tulevana-talvena\/\">Kaasupulan riski my\u00f6s tulevana talvena<\/a><\/blockquote><iframe sandbox=\"allow-scripts\" security=\"restricted\" src=\"https:\/\/katternodigital.fi\/fi\/article\/kaasupulan-riski-myos-tulevana-talvena\/embed\/#?secret=zQ6ivexQUC\" width=\"600\" height=\"338\" title=\"&#8221;Kaasupulan riski my\u00f6s tulevana talvena&#8221; &#8212; Kattern\u00f6 Digital\" data-secret=\"zQ6ivexQUC\" frameborder=\"0\" marginwidth=\"0\" marginheight=\"0\" scrolling=\"no\" class=\"wp-embedded-content\"><\/iframe><script>\n\/*! This file is auto-generated *\/\n!function(d,l){\"use strict\";l.querySelector&&d.addEventListener&&\"undefined\"!=typeof URL&&(d.wp=d.wp||{},d.wp.receiveEmbedMessage||(d.wp.receiveEmbedMessage=function(e){var t=e.data;if((t||t.secret||t.message||t.value)&&!\/[^a-zA-Z0-9]\/.test(t.secret)){for(var s,r,n,a=l.querySelectorAll('iframe[data-secret=\"'+t.secret+'\"]'),o=l.querySelectorAll('blockquote[data-secret=\"'+t.secret+'\"]'),c=new RegExp(\"^https?:$\",\"i\"),i=0;i<o.length;i++)o[i].style.display=\"none\";for(i=0;i<a.length;i++)s=a[i],e.source===s.contentWindow&&(s.removeAttribute(\"style\"),\"height\"===t.message?(1e3<(r=parseInt(t.value,10))?r=1e3:~~r<200&&(r=200),s.height=r):\"link\"===t.message&&(r=new URL(s.getAttribute(\"src\")),n=new URL(t.value),c.test(n.protocol))&&n.host===r.host&&l.activeElement===s&&(d.top.location.href=t.value))}},d.addEventListener(\"message\",d.wp.receiveEmbedMessage,!1),l.addEventListener(\"DOMContentLoaded\",function(){for(var e,t,s=l.querySelectorAll(\"iframe.wp-embedded-content\"),r=0;r<s.length;r++)(t=(e=s[r]).getAttribute(\"data-secret\"))||(t=Math.random().toString(36).substring(2,12),e.src+=\"#?secret=\"+t,e.setAttribute(\"data-secret\",t)),e.contentWindow.postMessage({message:\"ready\",secret:t},\"*\")},!1)))}(window,document);\n<\/script>\n","description":"L\u00e4mmin s\u00e4\u00e4 oli ratkaiseva tekij\u00e4, jonka ansiosta Eurooppa selviytyi viime talven energiakriisist\u00e4 odottamattoman hyvin. Energiahuolto tulevaa talvea varten ei kuitenkaan ole turvattu, vaikka Euroopassa on kehitetty monenlaisia toimenpiteit\u00e4 Ven\u00e4j\u00e4n kaasusodan vaikutusten torjumiseksi. Jos talvesta tulee yht\u00e4 kylm\u00e4 kuin vuonna 2010, kaasuvarastot eiv\u00e4t tule riitt\u00e4m\u00e4\u00e4n. Ainakaan Saksassa. T\u00e4m\u00e4 k\u00e4y ilmi Saksan kaa\u00adsu\u00advarastoinnin toimialaliiton (INES, Initiative Energien&hellip;","thumbnail_url":"https:\/\/katternodigital.fi\/wp-content\/uploads\/2023\/09\/skarmavbild-2023-08-31-kl--21-44-57_webb.jpg"}