{"version":"1.0","provider_name":"Kattern\u00f6 Digital","provider_url":"https:\/\/katternodigital.fi\/fi\/","author_name":"Pontus Bj\u00f6rkg\u00e5rd","author_url":"https:\/\/katternodigital.fi\/fi\/author\/pontus-bjorkgard\/","title":"Kruunupyy matkalla tulevaisuuteen \u2013 Jim Sandbacka palasi kotiseudulleen ja ryhtyi s\u00e4hk\u00f6laitoksen toimitusjohtajaksi - Kattern\u00f6 Digital","type":"rich","width":600,"height":338,"html":"<blockquote class=\"wp-embedded-content\" data-secret=\"eAPGJjGabe\"><a href=\"https:\/\/katternodigital.fi\/fi\/article\/kruunupyy-matkalla-tulevaisuuteen\/\">Kruunupyy  matkalla tulevaisuuteen \u2013 Jim Sandbacka palasi kotiseudulleen ja ryhtyi s\u00e4hk\u00f6laitoksen toimitusjohtajaksi<\/a><\/blockquote><iframe sandbox=\"allow-scripts\" security=\"restricted\" src=\"https:\/\/katternodigital.fi\/fi\/article\/kruunupyy-matkalla-tulevaisuuteen\/embed\/#?secret=eAPGJjGabe\" width=\"600\" height=\"338\" title=\"&#8221;Kruunupyy  matkalla tulevaisuuteen \u2013 Jim Sandbacka palasi kotiseudulleen ja ryhtyi s\u00e4hk\u00f6laitoksen toimitusjohtajaksi&#8221; &#8212; Kattern\u00f6 Digital\" data-secret=\"eAPGJjGabe\" frameborder=\"0\" marginwidth=\"0\" marginheight=\"0\" scrolling=\"no\" class=\"wp-embedded-content\"><\/iframe><script>\n\/*! This file is auto-generated *\/\n!function(d,l){\"use strict\";l.querySelector&&d.addEventListener&&\"undefined\"!=typeof URL&&(d.wp=d.wp||{},d.wp.receiveEmbedMessage||(d.wp.receiveEmbedMessage=function(e){var t=e.data;if((t||t.secret||t.message||t.value)&&!\/[^a-zA-Z0-9]\/.test(t.secret)){for(var s,r,n,a=l.querySelectorAll('iframe[data-secret=\"'+t.secret+'\"]'),o=l.querySelectorAll('blockquote[data-secret=\"'+t.secret+'\"]'),c=new RegExp(\"^https?:$\",\"i\"),i=0;i<o.length;i++)o[i].style.display=\"none\";for(i=0;i<a.length;i++)s=a[i],e.source===s.contentWindow&&(s.removeAttribute(\"style\"),\"height\"===t.message?(1e3<(r=parseInt(t.value,10))?r=1e3:~~r<200&&(r=200),s.height=r):\"link\"===t.message&&(r=new URL(s.getAttribute(\"src\")),n=new URL(t.value),c.test(n.protocol))&&n.host===r.host&&l.activeElement===s&&(d.top.location.href=t.value))}},d.addEventListener(\"message\",d.wp.receiveEmbedMessage,!1),l.addEventListener(\"DOMContentLoaded\",function(){for(var e,t,s=l.querySelectorAll(\"iframe.wp-embedded-content\"),r=0;r<s.length;r++)(t=(e=s[r]).getAttribute(\"data-secret\"))||(t=Math.random().toString(36).substring(2,12),e.src+=\"#?secret=\"+t,e.setAttribute(\"data-secret\",t)),e.contentWindow.postMessage({message:\"ready\",secret:t},\"*\")},!1)))}(window,document);\n<\/script>\n","description":"Jim Sandbacka aloitti vuoden ensimm\u00e4isen\u00e4 maanantaina ty\u00f6n Kruunupyyn s\u00e4hk\u00f6laitoksen toimitusjohtajana. Ty\u00f6paikka oli ennest\u00e4\u00e4n tuttu, sill\u00e4 h\u00e4n oli ollut yhti\u00f6ss\u00e4 kes\u00e4t\u00f6iss\u00e4 nelj\u00e4 kuukautta v. 2012 opiskellessaan insin\u00f6\u00f6riksi Novian ammattikorkeakoulussa Vaasassa. \u201dPidin yhti\u00f6t\u00e4 jo silloin hyv\u00e4n\u00e4 ty\u00f6paikkana, jossa rutiinit toimivat ja yhteishenki oli hyv\u00e4,\u201d h\u00e4n sanoo. Kes\u00e4 p\u00e4\u00e4ttyi ja opinnot jatkuivat. Ammattikorkeakoulun viimeisen\u00e4 vuonna Sandbacka haki diplomi-insin\u00f6\u00f6riopintoihin&hellip;","thumbnail_url":"https:\/\/katternodigital.fi\/wp-content\/uploads\/2021\/02\/duvi_210115_0066_webb.jpg"}