{"version":"1.0","provider_name":"Kattern\u00f6 Digital","provider_url":"https:\/\/katternodigital.fi\/fi\/","author_name":"Hannes Ny\u00e5ker","author_url":"https:\/\/katternodigital.fi\/fi\/author\/hannes-nyaker\/","title":"Kylm\u00e4 syksy - Kattern\u00f6 Digital","type":"rich","width":600,"height":338,"html":"<blockquote class=\"wp-embedded-content\" data-secret=\"ktilu5zXsm\"><a href=\"https:\/\/katternodigital.fi\/fi\/article\/kylma-syksy\/\">Kylm\u00e4 syksy<\/a><\/blockquote><iframe sandbox=\"allow-scripts\" security=\"restricted\" src=\"https:\/\/katternodigital.fi\/fi\/article\/kylma-syksy\/embed\/#?secret=ktilu5zXsm\" width=\"600\" height=\"338\" title=\"&#8221;Kylm\u00e4 syksy&#8221; &#8212; Kattern\u00f6 Digital\" data-secret=\"ktilu5zXsm\" frameborder=\"0\" marginwidth=\"0\" marginheight=\"0\" scrolling=\"no\" class=\"wp-embedded-content\"><\/iframe><script>\n\/*! This file is auto-generated *\/\n!function(d,l){\"use strict\";l.querySelector&&d.addEventListener&&\"undefined\"!=typeof URL&&(d.wp=d.wp||{},d.wp.receiveEmbedMessage||(d.wp.receiveEmbedMessage=function(e){var t=e.data;if((t||t.secret||t.message||t.value)&&!\/[^a-zA-Z0-9]\/.test(t.secret)){for(var s,r,n,a=l.querySelectorAll('iframe[data-secret=\"'+t.secret+'\"]'),o=l.querySelectorAll('blockquote[data-secret=\"'+t.secret+'\"]'),c=new RegExp(\"^https?:$\",\"i\"),i=0;i<o.length;i++)o[i].style.display=\"none\";for(i=0;i<a.length;i++)s=a[i],e.source===s.contentWindow&&(s.removeAttribute(\"style\"),\"height\"===t.message?(1e3<(r=parseInt(t.value,10))?r=1e3:~~r<200&&(r=200),s.height=r):\"link\"===t.message&&(r=new URL(s.getAttribute(\"src\")),n=new URL(t.value),c.test(n.protocol))&&n.host===r.host&&l.activeElement===s&&(d.top.location.href=t.value))}},d.addEventListener(\"message\",d.wp.receiveEmbedMessage,!1),l.addEventListener(\"DOMContentLoaded\",function(){for(var e,t,s=l.querySelectorAll(\"iframe.wp-embedded-content\"),r=0;r<s.length;r++)(t=(e=s[r]).getAttribute(\"data-secret\"))||(t=Math.random().toString(36).substring(2,12),e.src+=\"#?secret=\"+t,e.setAttribute(\"data-secret\",t)),e.contentWindow.postMessage({message:\"ready\",secret:t},\"*\")},!1)))}(window,document);\n<\/script>\n","description":"Viime vuoden syyskuu oli keskil\u00e4mp\u00f6tilaltaan 1900-luvun alusta alkavan Suomen mittaushistorian l\u00e4mpimin. Sit\u00e4 seurasivat nelj\u00e4 per\u00e4kk\u00e4ist\u00e4 kuukautta, jolloin l\u00e4mp\u00f6tila oli keskim\u00e4\u00e4r\u00e4ist\u00e4 alhaisempi, kertoo Ilmatieteen laitos. Vuosi 2023 oli tavanomaista l\u00e4mpim\u00e4mpi, sill\u00e4 koko maan keskil\u00e4mp\u00f6tila oli 0,3 astetta yli pitk\u00e4n ajan eli vuosien 1991\u20132020 keskiarvon. Edellisvuoden ylin l\u00e4mp\u00f6tila, 33,6 astetta, mitattiin Rauman Pyynp\u00e4\u00e4ss\u00e4 7. elokuuta. Alin l\u00e4mp\u00f6tila,&hellip;","thumbnail_url":"https:\/\/katternodigital.fi\/wp-content\/uploads\/2016\/06\/katterno-logo.png","thumbnail_width":600,"thumbnail_height":147}