{"version":"1.0","provider_name":"Kattern\u00f6 Digital","provider_url":"https:\/\/katternodigital.fi\/fi\/","author_name":"Hannes Ny\u00e5ker","author_url":"https:\/\/katternodigital.fi\/fi\/author\/hannes-nyaker\/","title":"Rahahanat auki ilmasto- ja energiatoimiin - Kattern\u00f6 Digital","type":"rich","width":600,"height":338,"html":"<blockquote class=\"wp-embedded-content\" data-secret=\"AEAwFaVghR\"><a href=\"https:\/\/katternodigital.fi\/fi\/article\/rahahanat-auki-ilmasto-ja-energiatoimiin\/\">Rahahanat auki ilmasto- ja energiatoimiin<\/a><\/blockquote><iframe sandbox=\"allow-scripts\" security=\"restricted\" src=\"https:\/\/katternodigital.fi\/fi\/article\/rahahanat-auki-ilmasto-ja-energiatoimiin\/embed\/#?secret=AEAwFaVghR\" width=\"600\" height=\"338\" title=\"&#8221;Rahahanat auki ilmasto- ja energiatoimiin&#8221; &#8212; Kattern\u00f6 Digital\" data-secret=\"AEAwFaVghR\" frameborder=\"0\" marginwidth=\"0\" marginheight=\"0\" scrolling=\"no\" class=\"wp-embedded-content\"><\/iframe><script>\n\/*! This file is auto-generated *\/\n!function(d,l){\"use strict\";l.querySelector&&d.addEventListener&&\"undefined\"!=typeof URL&&(d.wp=d.wp||{},d.wp.receiveEmbedMessage||(d.wp.receiveEmbedMessage=function(e){var t=e.data;if((t||t.secret||t.message||t.value)&&!\/[^a-zA-Z0-9]\/.test(t.secret)){for(var s,r,n,a=l.querySelectorAll('iframe[data-secret=\"'+t.secret+'\"]'),o=l.querySelectorAll('blockquote[data-secret=\"'+t.secret+'\"]'),c=new RegExp(\"^https?:$\",\"i\"),i=0;i<o.length;i++)o[i].style.display=\"none\";for(i=0;i<a.length;i++)s=a[i],e.source===s.contentWindow&&(s.removeAttribute(\"style\"),\"height\"===t.message?(1e3<(r=parseInt(t.value,10))?r=1e3:~~r<200&&(r=200),s.height=r):\"link\"===t.message&&(r=new URL(s.getAttribute(\"src\")),n=new URL(t.value),c.test(n.protocol))&&n.host===r.host&&l.activeElement===s&&(d.top.location.href=t.value))}},d.addEventListener(\"message\",d.wp.receiveEmbedMessage,!1),l.addEventListener(\"DOMContentLoaded\",function(){for(var e,t,s=l.querySelectorAll(\"iframe.wp-embedded-content\"),r=0;r<s.length;r++)(t=(e=s[r]).getAttribute(\"data-secret\"))||(t=Math.random().toString(36).substring(2,12),e.src+=\"#?secret=\"+t,e.setAttribute(\"data-secret\",t)),e.contentWindow.postMessage({message:\"ready\",secret:t},\"*\")},!1)))}(window,document);\n<\/script>\n","description":"Ymm\u00e4rt\u00e4\u00e4kseen EU:ta tulee ymm\u00e4rt\u00e4\u00e4, ett\u00e4 se on kehittynyt aina kriisien kautta. Koronakriisi noudatti samaa, tuttua kaavaa: Ensin j\u00e4senmaat toimivat omin p\u00e4in, mutta tajuavat, ett\u00e4 ehk\u00e4 olisi kuitenkin parempi etsi\u00e4 ratkaisuja yhdess\u00e4. Komissio laatii ehdotuksia. Ranska ja Saksa l\u00f6yt\u00e4v\u00e4t toisensa. J\u00e4senmaat riitelev\u00e4t, kaikki on ep\u00e4selv\u00e4\u00e4, ja sitten \u00e4kki\u00e4 syntyy sopu, kompromissi, johon kukaan ei ole t\u00e4ysin&hellip;","thumbnail_url":"https:\/\/katternodigital.fi\/wp-content\/uploads\/2020\/09\/toivo-hurme_webb.jpg"}