{"version":"1.0","provider_name":"Kattern\u00f6 Digital","provider_url":"https:\/\/katternodigital.fi\/fi\/","author_name":"Mattias Bj\u00f6rkholm","author_url":"https:\/\/katternodigital.fi\/fi\/author\/mattias\/","title":"Ruotsalaisviranomainen haluaa antaa vallan s\u00e4hk\u00f6nmyyj\u00e4lle - Kattern\u00f6 Digital","type":"rich","width":600,"height":338,"html":"<blockquote class=\"wp-embedded-content\" data-secret=\"1LwXW5Hugr\"><a href=\"https:\/\/katternodigital.fi\/fi\/article\/ruotsalaisviranomainen-haluaa-antaa-vallan-sahkonmyyjalle\/\">Ruotsalaisviranomainen haluaa antaa vallan s\u00e4hk\u00f6nmyyj\u00e4lle<\/a><\/blockquote><iframe sandbox=\"allow-scripts\" security=\"restricted\" src=\"https:\/\/katternodigital.fi\/fi\/article\/ruotsalaisviranomainen-haluaa-antaa-vallan-sahkonmyyjalle\/embed\/#?secret=1LwXW5Hugr\" width=\"600\" height=\"338\" title=\"&#8221;Ruotsalaisviranomainen haluaa antaa vallan s\u00e4hk\u00f6nmyyj\u00e4lle&#8221; &#8212; Kattern\u00f6 Digital\" data-secret=\"1LwXW5Hugr\" frameborder=\"0\" marginwidth=\"0\" marginheight=\"0\" scrolling=\"no\" class=\"wp-embedded-content\"><\/iframe><script>\n\/*! This file is auto-generated *\/\n!function(d,l){\"use strict\";l.querySelector&&d.addEventListener&&\"undefined\"!=typeof URL&&(d.wp=d.wp||{},d.wp.receiveEmbedMessage||(d.wp.receiveEmbedMessage=function(e){var t=e.data;if((t||t.secret||t.message||t.value)&&!\/[^a-zA-Z0-9]\/.test(t.secret)){for(var s,r,n,a=l.querySelectorAll('iframe[data-secret=\"'+t.secret+'\"]'),o=l.querySelectorAll('blockquote[data-secret=\"'+t.secret+'\"]'),c=new RegExp(\"^https?:$\",\"i\"),i=0;i<o.length;i++)o[i].style.display=\"none\";for(i=0;i<a.length;i++)s=a[i],e.source===s.contentWindow&&(s.removeAttribute(\"style\"),\"height\"===t.message?(1e3<(r=parseInt(t.value,10))?r=1e3:~~r<200&&(r=200),s.height=r):\"link\"===t.message&&(r=new URL(s.getAttribute(\"src\")),n=new URL(t.value),c.test(n.protocol))&&n.host===r.host&&l.activeElement===s&&(d.top.location.href=t.value))}},d.addEventListener(\"message\",d.wp.receiveEmbedMessage,!1),l.addEventListener(\"DOMContentLoaded\",function(){for(var e,t,s=l.querySelectorAll(\"iframe.wp-embedded-content\"),r=0;r<s.length;r++)(t=(e=s[r]).getAttribute(\"data-secret\"))||(t=Math.random().toString(36).substring(2,12),e.src+=\"#?secret=\"+t,e.setAttribute(\"data-secret\",t)),e.contentWindow.postMessage({message:\"ready\",secret:t},\"*\")},!1)))}(window,document);\n<\/script>\n","description":"Kahden vuoden selvitysty\u00f6n j\u00e4lkeen Ruotsin Energimarknadsinspektionen, Ei, on luovuttanut raporttinsa Ny modell f\u00f6r elmarknaden (S\u00e4hk\u00f6markkinoiden uusi malli). Se perustuu hallituksen toimeksiantoon ja sis\u00e4lt\u00e4\u00e4 mittavia lakimuutosehdotuksia, jotka koskevat niin energiayhti\u00f6it\u00e4 kuin asiakkaitakin. Mallin mukaan s\u00e4hk\u00f6markkinoiden osapuolten tiedonvaihto tapahtuisi \u201ds\u00e4hk\u00f6markkinakeskittimen\u201d kautta. Ein p\u00e4\u00e4johtajan Anne Vadasz Nilssonin mukaan se \u201dhelpottaa asiakkaita\u201d ja \u201dedist\u00e4\u00e4 s\u00e4hk\u00f6markkinoiden kilpailua\u201d. T\u00e4ss\u00e4 yhteydess\u00e4 ilmoitettiin&hellip;","thumbnail_url":"https:\/\/katternodigital.fi\/wp-content\/uploads\/2017\/10\/anne_pressbild2_webb.jpg"}