{"version":"1.0","provider_name":"Kattern\u00f6 Digital","provider_url":"https:\/\/katternodigital.fi\/fi\/","author_name":"Wikstr\u00f6m Media","author_url":"https:\/\/katternodigital.fi\/fi\/author\/wikstrom-media\/","title":"Suomen teollisuuden kasvu v\u00e4hent\u00e4\u00e4 globaaleja p\u00e4\u00e4st\u00f6j\u00e4 - Kattern\u00f6 Digital","type":"rich","width":600,"height":338,"html":"<blockquote class=\"wp-embedded-content\" data-secret=\"G3KoYbTQSL\"><a href=\"https:\/\/katternodigital.fi\/fi\/article\/suomen-teollisuuden-kasvu-vahentaa-globaaleja-paastoja\/\">Suomen teollisuuden kasvu v\u00e4hent\u00e4\u00e4 globaaleja p\u00e4\u00e4st\u00f6j\u00e4<\/a><\/blockquote><iframe sandbox=\"allow-scripts\" security=\"restricted\" src=\"https:\/\/katternodigital.fi\/fi\/article\/suomen-teollisuuden-kasvu-vahentaa-globaaleja-paastoja\/embed\/#?secret=G3KoYbTQSL\" width=\"600\" height=\"338\" title=\"&#8221;Suomen teollisuuden kasvu v\u00e4hent\u00e4\u00e4 globaaleja p\u00e4\u00e4st\u00f6j\u00e4&#8221; &#8212; Kattern\u00f6 Digital\" data-secret=\"G3KoYbTQSL\" frameborder=\"0\" marginwidth=\"0\" marginheight=\"0\" scrolling=\"no\" class=\"wp-embedded-content\"><\/iframe><script>\n\/*! This file is auto-generated *\/\n!function(d,l){\"use strict\";l.querySelector&&d.addEventListener&&\"undefined\"!=typeof URL&&(d.wp=d.wp||{},d.wp.receiveEmbedMessage||(d.wp.receiveEmbedMessage=function(e){var t=e.data;if((t||t.secret||t.message||t.value)&&!\/[^a-zA-Z0-9]\/.test(t.secret)){for(var s,r,n,a=l.querySelectorAll('iframe[data-secret=\"'+t.secret+'\"]'),o=l.querySelectorAll('blockquote[data-secret=\"'+t.secret+'\"]'),c=new RegExp(\"^https?:$\",\"i\"),i=0;i<o.length;i++)o[i].style.display=\"none\";for(i=0;i<a.length;i++)s=a[i],e.source===s.contentWindow&&(s.removeAttribute(\"style\"),\"height\"===t.message?(1e3<(r=parseInt(t.value,10))?r=1e3:~~r<200&&(r=200),s.height=r):\"link\"===t.message&&(r=new URL(s.getAttribute(\"src\")),n=new URL(t.value),c.test(n.protocol))&&n.host===r.host&&l.activeElement===s&&(d.top.location.href=t.value))}},d.addEventListener(\"message\",d.wp.receiveEmbedMessage,!1),l.addEventListener(\"DOMContentLoaded\",function(){for(var e,t,s=l.querySelectorAll(\"iframe.wp-embedded-content\"),r=0;r<s.length;r++)(t=(e=s[r]).getAttribute(\"data-secret\"))||(t=Math.random().toString(36).substring(2,12),e.src+=\"#?secret=\"+t,e.setAttribute(\"data-secret\",t)),e.contentWindow.postMessage({message:\"ready\",secret:t},\"*\")},!1)))}(window,document);\n<\/script>\n","description":"Monet sanovat, ett\u00e4 emme Suomessa aiheuta hiilidioksidip\u00e4\u00e4st\u00f6j\u00e4 vain omassa maassamme vaan suuren tavaratuontimme vuoksi my\u00f6s ulkomailla. T\u00e4st\u00e4 syyst\u00e4 v\u00e4itet\u00e4\u00e4n, etteiv\u00e4t tilastot osoita, millaisia ilmastorikollisia me oikeasti olemme. Mutta niin yksipuolinen ei todellisuus ole. Suomihan my\u00f6s vie tuotteita. Niiden valmistuksessa syntyy meill\u00e4 p\u00e4\u00e4st\u00f6j\u00e4, jotka oikeastaan johtuvat toisten maiden kulutuksesta. Lis\u00e4ksi asiaan vaikuttaa t\u00e4rke\u00e4 tekij\u00e4: Suomen teollisuustuotanto&hellip;","thumbnail_url":"https:\/\/katternodigital.fi\/wp-content\/uploads\/2020\/02\/ylivieska_works-ruukki-stlkonstruktion_webb.jpg"}