{"version":"1.0","provider_name":"Kattern\u00f6 Digital","provider_url":"https:\/\/katternodigital.fi\/fi\/","author_name":"Hannes Ny\u00e5ker","author_url":"https:\/\/katternodigital.fi\/fi\/author\/hannes-nyaker\/","title":"Tulevaisuuden mets\u00e4t syntyv\u00e4t Kannuksessa - Kattern\u00f6 Digital","type":"rich","width":600,"height":338,"html":"<blockquote class=\"wp-embedded-content\" data-secret=\"L4jBFpiAug\"><a href=\"https:\/\/katternodigital.fi\/fi\/article\/tulevaisuuden-metsat-syntyvat-kannuksessa\/\">Tulevaisuuden mets\u00e4t syntyv\u00e4t Kannuksessa<\/a><\/blockquote><iframe sandbox=\"allow-scripts\" security=\"restricted\" src=\"https:\/\/katternodigital.fi\/fi\/article\/tulevaisuuden-metsat-syntyvat-kannuksessa\/embed\/#?secret=L4jBFpiAug\" width=\"600\" height=\"338\" title=\"&#8221;Tulevaisuuden mets\u00e4t syntyv\u00e4t Kannuksessa&#8221; &#8212; Kattern\u00f6 Digital\" data-secret=\"L4jBFpiAug\" frameborder=\"0\" marginwidth=\"0\" marginheight=\"0\" scrolling=\"no\" class=\"wp-embedded-content\"><\/iframe><script>\n\/*! This file is auto-generated *\/\n!function(d,l){\"use strict\";l.querySelector&&d.addEventListener&&\"undefined\"!=typeof URL&&(d.wp=d.wp||{},d.wp.receiveEmbedMessage||(d.wp.receiveEmbedMessage=function(e){var t=e.data;if((t||t.secret||t.message||t.value)&&!\/[^a-zA-Z0-9]\/.test(t.secret)){for(var s,r,n,a=l.querySelectorAll('iframe[data-secret=\"'+t.secret+'\"]'),o=l.querySelectorAll('blockquote[data-secret=\"'+t.secret+'\"]'),c=new RegExp(\"^https?:$\",\"i\"),i=0;i<o.length;i++)o[i].style.display=\"none\";for(i=0;i<a.length;i++)s=a[i],e.source===s.contentWindow&&(s.removeAttribute(\"style\"),\"height\"===t.message?(1e3<(r=parseInt(t.value,10))?r=1e3:~~r<200&&(r=200),s.height=r):\"link\"===t.message&&(r=new URL(s.getAttribute(\"src\")),n=new URL(t.value),c.test(n.protocol))&&n.host===r.host&&l.activeElement===s&&(d.top.location.href=t.value))}},d.addEventListener(\"message\",d.wp.receiveEmbedMessage,!1),l.addEventListener(\"DOMContentLoaded\",function(){for(var e,t,s=l.querySelectorAll(\"iframe.wp-embedded-content\"),r=0;r<s.length;r++)(t=(e=s[r]).getAttribute(\"data-secret\"))||(t=Math.random().toString(36).substring(2,12),e.src+=\"#?secret=\"+t,e.setAttribute(\"data-secret\",t)),e.contentWindow.postMessage({message:\"ready\",secret:t},\"*\")},!1)))}(window,document);\n<\/script>\n","description":"Pohjan Taimen taimitarha Kannuksessa l\u00e4hett\u00e4\u00e4 vuosittain matkaan yli kahdeksan miljoonaa puuntainta, joista kasvaa tulevaisuuden metsi\u00e4. Monet taimista juurtuvat pohjalaismetsiin ja saavat kasvaa korkeutta vuosikymmenien ajan. Taimet on jalostettu hy\u00f6dynt\u00e4m\u00e4\u00e4n juuri oman seutumme valo- ja s\u00e4\u00e4olosuhteita. Jokaisessa siemeness\u00e4 on geneettinen tietopankki, joka tarkkailee esimerkiksi ymp\u00e4rist\u00f6ns\u00e4 l\u00e4mp\u00f6summaa ja valoaltistusta sek\u00e4 ilmoittaa, milloin puun on aika alkaa kasvaa&hellip;","thumbnail_url":"https:\/\/katternodigital.fi\/wp-content\/uploads\/2020\/10\/duvi_200825-1_0142_webb.jpg"}